{"id":1472,"date":"2021-09-22T13:29:40","date_gmt":"2021-09-22T11:29:40","guid":{"rendered":"https:\/\/vilarrasa.com\/avis-legal\/"},"modified":"2023-11-13T11:55:06","modified_gmt":"2023-11-13T10:55:06","slug":"avis-legal","status":"publish","type":"page","link":"https:\/\/vilarrasa.com\/ca\/avis-legal\/","title":{"rendered":"Av\u00eds legal"},"content":{"rendered":"\t\t<div data-elementor-type=\"wp-page\" data-elementor-id=\"1472\" class=\"elementor elementor-1472 elementor-1381\" data-elementor-settings=\"[]\">\n\t\t\t\t\t\t<div class=\"elementor-inner\">\n\t\t\t\t\t\t\t<div class=\"elementor-section-wrap\">\n\t\t\t\t\t\t\t<section class=\"elementor-section elementor-top-section elementor-element elementor-element-22c8686b elementor-section-boxed elementor-section-height-default elementor-section-height-default\" data-id=\"22c8686b\" data-element_type=\"section\">\n\t\t\t\t\t\t<div class=\"elementor-container elementor-column-gap-default\">\n\t\t\t\t\t\t\t<div class=\"elementor-row\">\n\t\t\t\t\t<div class=\"elementor-column elementor-col-100 elementor-top-column elementor-element elementor-element-529ba603\" data-id=\"529ba603\" data-element_type=\"column\">\n\t\t\t<div class=\"elementor-column-wrap elementor-element-populated\">\n\t\t\t\t\t\t\t<div class=\"elementor-widget-wrap\">\n\t\t\t\t\t\t<div class=\"elementor-element elementor-element-228d5acf elementor-widget elementor-widget-text-editor\" data-id=\"228d5acf\" data-element_type=\"widget\" data-widget_type=\"text-editor.default\">\n\t\t\t\t<div class=\"elementor-widget-container\">\n\t\t\t\t\t\t\t\t<div class=\"elementor-text-editor elementor-clearfix\">\n\t\t\t\t<p>El lloc web i el domini vilarrasa.com corresponen a Vilarrasa (en endavant Vilarrasa), amb CIF A17029109, domiciliada en Carretera d&#8217;Olot 1 17850 Besal\u00fa (Girona) \u2013tel. 972 590 250, a\/e vilarrasa@ vilarrasa.com. Figura inscrita en el Registre Mercantil de Girona.<\/p>\n<p><strong>PROPIETAT INTEL\u00b7LECTUAL I INDUSTRIAL<\/strong><\/p>\n<p>Els continguts d\u2019aquest lloc, incloent-hi els textos, imatges i dissenys gr\u00e0fics,\u00a0pertanyen a Vilarrasa, o a tercers que n\u2019han autoritzat el seu \u00fas espec\u00edficament en el seu lloc web. Vilarrasa presenta aquests continguts amb finalitats d\u2019informaci\u00f3 i publicitat. Vilarrasa n\u2019autoritza la utilitzaci\u00f3 exclusivament per difondre els seus productes o serveis. Qualsevol utilitzaci\u00f3 d\u2019aquests dissenys, imatges o textos haur\u00e0 de citar expressament la seva pertinen\u00e7a a Vilarrasa, que es reserva el dret a iniciar les accions legals oportunes per reparar els danys i perjudicis causats per qualsevol acte que vulneri els seus drets de propietat intel\u00b7lectual o industrial. No s\u2019autoritza la utilitzaci\u00f3 dels logotips, dissenys, marques o altres signes distintius de Vilarrasa ni dels clients de Vilarrasa sense autoritzaci\u00f3 expressa, pr\u00e8via i per escrit dels respectius titulars dels drets.<\/p>\n<p>No s\u2019autoritzen presentacions dels continguts d\u2019aquest lloc en una finestra aliena a\u00a0<em>Vilarrasa<\/em><em>.com<\/em>\u00a0(framing).<\/p>\n<p><strong>RESPONSABILITAT SOBRE ELS CONTINGUTS<\/strong><\/p>\n<p>Tot i que Vilarrasa actua amb el m\u00e0xim de dilig\u00e8ncia possible, es pot donar el cas que alguna dada o informaci\u00f3 no estigui del tot actualitzada en el moment que l\u2019usuari del lloc web el consulti. Per aix\u00f2 Vilarrasa manifesta que les refer\u00e8ncies dels productes i preus que es presenten en el seu lloc web tenen una funci\u00f3 orientativa i no obliguen a Vilarrasa fins a la confirmaci\u00f3 expressa d\u2019una comanda.<\/p>\n<p>Vilarrasa no es fa responsable de la informaci\u00f3 que es pugui obtenir a trav\u00e9s d\u2019enlla\u00e7os inclosos en el lloc.<\/p>\n<p><strong>CONDICIONS D\u2019\u00daS<\/strong><\/p>\n<p>L\u2019\u00fas d\u2019aquest web implica l\u2019acceptaci\u00f3 plena dels termes i condicions del present av\u00eds legal. Els possibles conflictes relatius a aquest web es regiran exclusivament pel dret de l\u2019Estat espanyol. Tota persona usu\u00e0ria del web, independentment de la jurisdicci\u00f3 territorial des de la qual es produeixi el seu acc\u00e9s, accepta el compliment i respecte d\u2019aquestes cl\u00e0usules.<\/p>\n<p>\u00a0<\/p>\n\t\t\t\t\t<\/div>\n\t\t\t\t\t\t<\/div>\n\t\t\t\t<\/div>\n\t\t\t\t\t\t<\/div>\n\t\t\t\t\t<\/div>\n\t\t<\/div>\n\t\t\t\t\t\t\t\t<\/div>\n\t\t\t\t\t<\/div>\n\t\t<\/section>\n\t\t\t\t\t\t<\/div>\n\t\t\t\t\t\t<\/div>\n\t\t\t\t\t<\/div>\n\t\t","protected":false},"excerpt":{"rendered":"<p>El lloc web i el domini vilarrasa.com corresponen a Vilarrasa (en endavant Vilarrasa), amb CIF A17029109, domiciliada en Carretera d&#8217;Olot 1 17850 Besal\u00fa (Girona) \u2013tel. 972 590 250, a\/e vilarrasa@ vilarrasa.com. Figura inscrita en el Registre Mercantil de Girona. PROPIETAT INTEL\u00b7LECTUAL I INDUSTRIAL Els continguts d\u2019aquest lloc, incloent-hi els textos, imatges i dissenys gr\u00e0fics,\u00a0pertanyen a&hellip;&nbsp;<a href=\"https:\/\/vilarrasa.com\/ca\/avis-legal\/\" class=\"\" rel=\"bookmark\">Read More &raquo;<span class=\"screen-reader-text\">Av\u00eds legal<\/span><\/a><\/p>\n","protected":false},"author":1,"featured_media":0,"parent":0,"menu_order":0,"comment_status":"closed","ping_status":"closed","template":"","meta":{"content-type":"","neve_meta_sidebar":"","neve_meta_container":"","neve_meta_enable_content_width":"off","neve_meta_content_width":70,"neve_meta_title_alignment":"","neve_meta_author_avatar":"","neve_post_elements_order":"","neve_meta_disable_header":"","neve_meta_disable_footer":"","neve_meta_disable_title":"on","neve_meta_reading_time":""},"yoast_head":"<!-- This site is optimized with the Yoast SEO plugin v18.8 - https:\/\/yoast.com\/wordpress\/plugins\/seo\/ -->\n<title>Av\u00eds legal - Vilarrasa<\/title>\n<meta name=\"robots\" content=\"noindex, follow\" \/>\n<meta property=\"og:locale\" content=\"ca_ES\" \/>\n<meta property=\"og:type\" content=\"article\" \/>\n<meta property=\"og:title\" content=\"Av\u00eds legal - Vilarrasa\" \/>\n<meta property=\"og:description\" content=\"El lloc web i el domini vilarrasa.com corresponen a Vilarrasa (en endavant Vilarrasa), amb CIF A17029109, domiciliada en Carretera d&#8217;Olot 1 17850 Besal\u00fa (Girona) \u2013tel. 972 590 250, a\/e vilarrasa@ vilarrasa.com. Figura inscrita en el Registre Mercantil de Girona. PROPIETAT INTEL\u00b7LECTUAL I INDUSTRIAL Els continguts d\u2019aquest lloc, incloent-hi els textos, imatges i dissenys gr\u00e0fics,\u00a0pertanyen a&hellip;&nbsp;Read More &raquo;Av\u00eds legal\" \/>\n<meta property=\"og:url\" content=\"https:\/\/vilarrasa.com\/legal-notice\/\" \/>\n<meta property=\"og:site_name\" content=\"Vilarrasa\" \/>\n<meta property=\"article:modified_time\" content=\"2023-11-13T10:55:06+00:00\" \/>\n<meta name=\"twitter:card\" content=\"summary_large_image\" \/>\n<meta name=\"twitter:label1\" content=\"Temps estimat de lectura\" \/>\n\t<meta name=\"twitter:data1\" content=\"2 minuts\" \/>\n<script type=\"application\/ld+json\" class=\"yoast-schema-graph\">{\"@context\":\"https:\/\/schema.org\",\"@graph\":[{\"@type\":\"Organization\",\"@id\":\"https:\/\/vilarrasa.com\/#organization\",\"name\":\"S.Vilarrasa\",\"url\":\"https:\/\/vilarrasa.com\/\",\"sameAs\":[],\"logo\":{\"@type\":\"ImageObject\",\"inLanguage\":\"ca\",\"@id\":\"https:\/\/vilarrasa.com\/#\/schema\/logo\/image\/\",\"url\":\"https:\/\/vilarrasa.com\/wp-content\/uploads\/2020\/06\/logo_vilarr.png\",\"contentUrl\":\"https:\/\/vilarrasa.com\/wp-content\/uploads\/2020\/06\/logo_vilarr.png\",\"width\":885,\"height\":206,\"caption\":\"S.Vilarrasa\"},\"image\":{\"@id\":\"https:\/\/vilarrasa.com\/#\/schema\/logo\/image\/\"}},{\"@type\":\"WebSite\",\"@id\":\"https:\/\/vilarrasa.com\/#website\",\"url\":\"https:\/\/vilarrasa.com\/\",\"name\":\"Vilarrasa\",\"description\":\"Hilos reciclados de alta calidad\",\"publisher\":{\"@id\":\"https:\/\/vilarrasa.com\/#organization\"},\"potentialAction\":[{\"@type\":\"SearchAction\",\"target\":{\"@type\":\"EntryPoint\",\"urlTemplate\":\"https:\/\/vilarrasa.com\/?s={search_term_string}\"},\"query-input\":\"required name=search_term_string\"}],\"inLanguage\":\"ca\"},{\"@type\":\"WebPage\",\"@id\":\"https:\/\/vilarrasa.com\/legal-notice\/#webpage\",\"url\":\"https:\/\/vilarrasa.com\/legal-notice\/\",\"name\":\"Av\u00eds legal - Vilarrasa\",\"isPartOf\":{\"@id\":\"https:\/\/vilarrasa.com\/#website\"},\"datePublished\":\"2021-09-22T11:29:40+00:00\",\"dateModified\":\"2023-11-13T10:55:06+00:00\",\"breadcrumb\":{\"@id\":\"https:\/\/vilarrasa.com\/legal-notice\/#breadcrumb\"},\"inLanguage\":\"ca\",\"potentialAction\":[{\"@type\":\"ReadAction\",\"target\":[\"https:\/\/vilarrasa.com\/legal-notice\/\"]}]},{\"@type\":\"BreadcrumbList\",\"@id\":\"https:\/\/vilarrasa.com\/legal-notice\/#breadcrumb\",\"itemListElement\":[{\"@type\":\"ListItem\",\"position\":1,\"name\":\"Home\",\"item\":\"https:\/\/vilarrasa.com\/\"},{\"@type\":\"ListItem\",\"position\":2,\"name\":\"Av\u00eds legal\"}]}]}<\/script>\n<!-- \/ Yoast SEO plugin. -->","yoast_head_json":{"title":"Av\u00eds legal - Vilarrasa","robots":{"index":"noindex","follow":"follow"},"og_locale":"ca_ES","og_type":"article","og_title":"Av\u00eds legal - Vilarrasa","og_description":"El lloc web i el domini vilarrasa.com corresponen a Vilarrasa (en endavant Vilarrasa), amb CIF A17029109, domiciliada en Carretera d&#8217;Olot 1 17850 Besal\u00fa (Girona) \u2013tel. 972 590 250, a\/e vilarrasa@ vilarrasa.com. Figura inscrita en el Registre Mercantil de Girona. PROPIETAT INTEL\u00b7LECTUAL I INDUSTRIAL Els continguts d\u2019aquest lloc, incloent-hi els textos, imatges i dissenys gr\u00e0fics,\u00a0pertanyen a&hellip;&nbsp;Read More &raquo;Av\u00eds legal","og_url":"https:\/\/vilarrasa.com\/legal-notice\/","og_site_name":"Vilarrasa","article_modified_time":"2023-11-13T10:55:06+00:00","twitter_card":"summary_large_image","twitter_misc":{"Temps estimat de lectura":"2 minuts"},"schema":{"@context":"https:\/\/schema.org","@graph":[{"@type":"Organization","@id":"https:\/\/vilarrasa.com\/#organization","name":"S.Vilarrasa","url":"https:\/\/vilarrasa.com\/","sameAs":[],"logo":{"@type":"ImageObject","inLanguage":"ca","@id":"https:\/\/vilarrasa.com\/#\/schema\/logo\/image\/","url":"https:\/\/vilarrasa.com\/wp-content\/uploads\/2020\/06\/logo_vilarr.png","contentUrl":"https:\/\/vilarrasa.com\/wp-content\/uploads\/2020\/06\/logo_vilarr.png","width":885,"height":206,"caption":"S.Vilarrasa"},"image":{"@id":"https:\/\/vilarrasa.com\/#\/schema\/logo\/image\/"}},{"@type":"WebSite","@id":"https:\/\/vilarrasa.com\/#website","url":"https:\/\/vilarrasa.com\/","name":"Vilarrasa","description":"Hilos reciclados de alta calidad","publisher":{"@id":"https:\/\/vilarrasa.com\/#organization"},"potentialAction":[{"@type":"SearchAction","target":{"@type":"EntryPoint","urlTemplate":"https:\/\/vilarrasa.com\/?s={search_term_string}"},"query-input":"required name=search_term_string"}],"inLanguage":"ca"},{"@type":"WebPage","@id":"https:\/\/vilarrasa.com\/legal-notice\/#webpage","url":"https:\/\/vilarrasa.com\/legal-notice\/","name":"Av\u00eds legal - Vilarrasa","isPartOf":{"@id":"https:\/\/vilarrasa.com\/#website"},"datePublished":"2021-09-22T11:29:40+00:00","dateModified":"2023-11-13T10:55:06+00:00","breadcrumb":{"@id":"https:\/\/vilarrasa.com\/legal-notice\/#breadcrumb"},"inLanguage":"ca","potentialAction":[{"@type":"ReadAction","target":["https:\/\/vilarrasa.com\/legal-notice\/"]}]},{"@type":"BreadcrumbList","@id":"https:\/\/vilarrasa.com\/legal-notice\/#breadcrumb","itemListElement":[{"@type":"ListItem","position":1,"name":"Home","item":"https:\/\/vilarrasa.com\/"},{"@type":"ListItem","position":2,"name":"Av\u00eds legal"}]}]}},"_links":{"self":[{"href":"https:\/\/vilarrasa.com\/ca\/wp-json\/wp\/v2\/pages\/1472"}],"collection":[{"href":"https:\/\/vilarrasa.com\/ca\/wp-json\/wp\/v2\/pages"}],"about":[{"href":"https:\/\/vilarrasa.com\/ca\/wp-json\/wp\/v2\/types\/page"}],"author":[{"embeddable":true,"href":"https:\/\/vilarrasa.com\/ca\/wp-json\/wp\/v2\/users\/1"}],"replies":[{"embeddable":true,"href":"https:\/\/vilarrasa.com\/ca\/wp-json\/wp\/v2\/comments?post=1472"}],"version-history":[{"count":12,"href":"https:\/\/vilarrasa.com\/ca\/wp-json\/wp\/v2\/pages\/1472\/revisions"}],"predecessor-version":[{"id":7308,"href":"https:\/\/vilarrasa.com\/ca\/wp-json\/wp\/v2\/pages\/1472\/revisions\/7308"}],"wp:attachment":[{"href":"https:\/\/vilarrasa.com\/ca\/wp-json\/wp\/v2\/media?parent=1472"}],"curies":[{"name":"wp","href":"https:\/\/api.w.org\/{rel}","templated":true}]}}